{"id":2052,"date":"2024-03-26T13:22:45","date_gmt":"2024-03-26T12:22:45","guid":{"rendered":"https:\/\/pontevedra.wordcamp.org\/2024\/?page_id=2052"},"modified":"2025-10-03T12:05:22","modified_gmt":"2025-10-03T10:05:22","slug":"inicio","status":"publish","type":"page","link":"https:\/\/galicia.wordcamp.org\/2025\/","title":{"rendered":"Inicio GL"},"content":{"rendered":"\n<div class=\"wp-block-group alignfull hero has-accent-4-background-color has-background has-global-padding is-layout-constrained wp-container-core-group-is-layout-491f66fb wp-block-group-is-layout-constrained\" style=\"min-height:416px;margin-top:0;margin-bottom:0;padding-top:0px;padding-bottom:0px\">\n<div class=\"wp-block-group alignwide has-global-padding is-layout-constrained wp-container-core-group-is-layout-4352a748 wp-block-group-is-layout-constrained\" style=\"padding-top:24px;padding-right:5%;padding-bottom:24px;padding-left:5%\">\n<h1 class=\"wp-block-heading has-text-align-center is-style-default has-base-2-color has-text-color has-link-color wp-elements-c37c8c73e3eef30d759a3dc4591bcd41\" style=\"padding-top:20px;font-size:clamp(35.2px, 2.2rem + ((1vw - 3.2px) * 3.512), 64px);font-style:normal;font-weight:800\"><strong>#WCGalicia 2025<\/strong><\/h1>\n\n\n\n<h2 class=\"wp-block-heading has-text-align-center has-accent-2-color has-text-color\" style=\"margin-top:var(--wp--preset--spacing--10);margin-bottom:var(--wp--preset--spacing--20);font-size:clamp(27.894px, 1.743rem + ((1vw - 3.2px) * 2.452), 48px);\">O que ven \u00e9 grande<\/h2>\n\n\n\n<p class=\"has-text-align-center has-base-2-color has-text-color wp-block-paragraph\" style=\"margin-top:0px;margin-bottom:0px;padding-bottom:0px;font-size:clamp(20px, 1.25rem + ((1vw - 3.2px) * 1.463), 32px);\">3\/5 de Outubro de 2025<\/p>\n\n\n\n<p class=\"has-text-align-center has-base-2-color has-text-color has-open-sans-font-family wp-block-paragraph\" style=\"margin-top:-5px;padding-top:0;padding-right:0;padding-bottom:var(--wp--preset--spacing--10);padding-left:0;font-size:clamp(15.747px, 0.984rem + ((1vw - 3.2px) * 1.006), 24px);font-style:normal;font-weight:800;line-height:1.2\">PONTEVEDRA<\/p>\n\n\n\n<div class=\"wp-block-buttons is-content-justification-center is-layout-flex wp-container-core-buttons-is-layout-0aa01211 wp-block-buttons-is-layout-flex\">\n<div class=\"wp-block-button suscripciones is-style-split\"><a class=\"wp-block-button__link has-base-color has-accent-2-background-color has-text-color has-background has-link-color has-open-sans-font-family has-text-align-center has-custom-font-size wp-element-button\" href=\"https:\/\/galicia.wordcamp.org\/2025\/programa\/\" style=\"border-radius:0px;padding-top:8px;padding-right:24px;padding-bottom:8px;padding-left:24px;font-size:clamp(14px, 0.875rem + ((1vw - 3.2px) * 0.488), 18px);font-style:normal;font-weight:800\">Ver programa<\/a><\/div>\n\n\n\n<div class=\"wp-block-button is-style-split sombra-verde is-style-fill\"><a class=\"wp-block-button__link has-accent-4-color has-base-background-color has-text-color has-background has-link-color has-open-sans-font-family has-text-align-center has-custom-font-size wp-element-button\" href=\"https:\/\/galicia.wordcamp.org\/2025\/entradas\/\" style=\"border-radius:0px;padding-top:8px;padding-right:24px;padding-bottom:8px;padding-left:24px;font-size:clamp(14px, 0.875rem + ((1vw - 3.2px) * 0.488), 18px);font-style:normal;font-weight:800\">Mercar entrada<\/a><\/div>\n<\/div>\n<\/div>\n\n\n\n<div class=\"wp-block-group alignfull div-img-galicia-home has-global-padding is-layout-constrained wp-container-core-group-is-layout-a82f47d2 wp-block-group-is-layout-constrained\" style=\"border-style:none;border-width:0px;padding-top:32px;padding-bottom:0\">\n<figure class=\"wp-block-image aligncenter size-full wp-duotone-unset-1\"><img loading=\"lazy\" decoding=\"async\" width=\"1220\" height=\"200\" src=\"https:\/\/galicia.wordcamp.org\/2025\/files\/2025\/05\/ilustracion-edificios-min.png\" alt=\"\" class=\"wp-image-7670\" style=\"object-fit:cover\" srcset=\"https:\/\/galicia.wordcamp.org\/2025\/files\/2025\/05\/ilustracion-edificios-min.png 1220w, https:\/\/galicia.wordcamp.org\/2025\/files\/2025\/05\/ilustracion-edificios-min-300x49.png 300w, https:\/\/galicia.wordcamp.org\/2025\/files\/2025\/05\/ilustracion-edificios-min-1024x168.png 1024w, https:\/\/galicia.wordcamp.org\/2025\/files\/2025\/05\/ilustracion-edificios-min-768x126.png 768w, https:\/\/galicia.wordcamp.org\/2025\/files\/2025\/05\/ilustracion-edificios-min-500x82.png 500w\" sizes=\"auto, (max-width: 1220px) 100vw, 1220px\" \/><\/figure>\n<\/div>\n<\/div>\n\n\n\n<div class=\"wp-block-group has-global-padding is-layout-constrained wp-block-group-is-layout-constrained\" style=\"margin-top:var(--wp--preset--spacing--30)\">\n<h2 class=\"wp-block-heading\">WordCamp Galicia en directo<\/h2>\n\n\n\n<figure class=\"wp-block-embed is-type-video is-provider-youtube wp-block-embed-youtube wp-embed-aspect-4-3 wp-has-aspect-ratio\"><div class=\"wp-block-embed__wrapper\">\n<iframe loading=\"lazy\" title=\"WordCamp Pontevedra 2025 - Sala Enriba\" width=\"500\" height=\"281\" src=\"https:\/\/www.youtube.com\/embed\/CL_lUcL9RwU?feature=oembed\" frameborder=\"0\" allow=\"accelerometer; autoplay; clipboard-write; encrypted-media; gyroscope; picture-in-picture; web-share\" referrerpolicy=\"strict-origin-when-cross-origin\" allowfullscreen><\/iframe>\n<\/div><\/figure>\n\n\n\n<figure class=\"wp-block-embed is-type-video is-provider-youtube wp-block-embed-youtube wp-embed-aspect-4-3 wp-has-aspect-ratio\"><div class=\"wp-block-embed__wrapper\">\n<iframe loading=\"lazy\" title=\"WordCamp Pontevedra 2025 - Sala Abaixo\" width=\"500\" height=\"281\" src=\"https:\/\/www.youtube.com\/embed\/2cSTO41onRY?feature=oembed\" frameborder=\"0\" allow=\"accelerometer; autoplay; clipboard-write; encrypted-media; gyroscope; picture-in-picture; web-share\" referrerpolicy=\"strict-origin-when-cross-origin\" allowfullscreen><\/iframe>\n<\/div><\/figure>\n<\/div>\n\n\n\n<div class=\"wp-block-group has-global-padding is-layout-constrained wp-block-group-is-layout-constrained\" style=\"margin-top:40px\">\n<div class=\"wp-block-columns is-not-stacked-on-mobile is-layout-flex wp-container-core-columns-is-layout-3a88641f wp-block-columns-is-layout-flex\">\n<div class=\"wp-block-column is-layout-flow wp-block-column-is-layout-flow\" style=\"flex-basis:33.34%\">\n<figure class=\"wp-block-image aligncenter size-full\"><img loading=\"lazy\" decoding=\"async\" width=\"160\" height=\"160\" src=\"https:\/\/galicia.wordcamp.org\/2025\/files\/2025\/05\/3dias.webp\" alt=\"\" class=\"wp-image-7680\" srcset=\"https:\/\/galicia.wordcamp.org\/2025\/files\/2025\/05\/3dias.webp 160w, https:\/\/galicia.wordcamp.org\/2025\/files\/2025\/05\/3dias-150x150.webp 150w\" sizes=\"auto, (max-width: 160px) 100vw, 160px\" \/><\/figure>\n<\/div>\n\n\n\n<div class=\"wp-block-column is-layout-flow wp-block-column-is-layout-flow\" style=\"flex-basis:33.34%\">\n<figure class=\"wp-block-image aligncenter size-full\"><img loading=\"lazy\" decoding=\"async\" width=\"160\" height=\"160\" src=\"https:\/\/galicia.wordcamp.org\/2025\/files\/2025\/06\/250-asist.webp\" alt=\"250 asistentes\" class=\"wp-image-8862\" srcset=\"https:\/\/galicia.wordcamp.org\/2025\/files\/2025\/06\/250-asist.webp 160w, https:\/\/galicia.wordcamp.org\/2025\/files\/2025\/06\/250-asist-150x150.webp 150w\" sizes=\"auto, (max-width: 160px) 100vw, 160px\" \/><\/figure>\n<\/div>\n\n\n\n<div class=\"wp-block-column is-layout-flow wp-block-column-is-layout-flow\" style=\"flex-basis:33.33%\">\n<figure class=\"wp-block-image aligncenter size-full\"><img loading=\"lazy\" decoding=\"async\" width=\"160\" height=\"160\" src=\"https:\/\/galicia.wordcamp.org\/2025\/files\/2025\/05\/20-act.webp\" alt=\"\" class=\"wp-image-7683\" srcset=\"https:\/\/galicia.wordcamp.org\/2025\/files\/2025\/05\/20-act.webp 160w, https:\/\/galicia.wordcamp.org\/2025\/files\/2025\/05\/20-act-150x150.webp 150w\" sizes=\"auto, (max-width: 160px) 100vw, 160px\" \/><\/figure>\n<\/div>\n<\/div>\n\n\n\n<div class=\"wp-block-group is-vertical is-content-justification-center is-layout-flex wp-container-core-group-is-layout-10c741d8 wp-block-group-is-layout-flex\" style=\"padding-top:0px;padding-bottom:0px\">\n<p class=\"has-text-align-center has-large-font-size wp-block-paragraph\">COMIDA, <em>NETWORKING<\/em> E AFTER PARTY<\/p>\n\n\n\n<p class=\"has-accent-4-color has-text-color has-link-color has-love-ya-like-a-sister-font-family has-x-large-font-size wp-elements-1357231395dafba97e722224ef0d8452 wp-block-paragraph\">\u00e1 galega<\/p>\n<\/div>\n<\/div>\n\n\n\n<div class=\"wp-block-media-text alignwide is-stacked-on-mobile\" style=\"margin-right:0%;margin-left:0%;padding-top:5%;padding-right:0%;padding-bottom:5%;padding-left:0%;grid-template-columns:40% auto\"><figure class=\"wp-block-media-text__media\"><img loading=\"lazy\" decoding=\"async\" width=\"497\" height=\"478\" src=\"https:\/\/galicia.wordcamp.org\/2025\/files\/2025\/05\/Eneko-WordCampPontevedra2024.webp\" alt=\"Eneko Garrido\" class=\"wp-image-7912 size-full\" srcset=\"https:\/\/galicia.wordcamp.org\/2025\/files\/2025\/05\/Eneko-WordCampPontevedra2024.webp 497w, https:\/\/galicia.wordcamp.org\/2025\/files\/2025\/05\/Eneko-WordCampPontevedra2024-300x289.webp 300w, https:\/\/galicia.wordcamp.org\/2025\/files\/2025\/05\/Eneko-WordCampPontevedra2024-312x300.webp 312w\" sizes=\"auto, (max-width: 497px) 100vw, 497px\" \/><\/figure><div class=\"wp-block-media-text__content\">\n<h2 class=\"wp-block-heading has-accent-4-color has-text-color has-link-color has-x-large-font-size wp-elements-fdea2e581b49e0253c5271ef1a4eebec\">Aprende con WordPress<\/h2>\n\n\n\n<p class=\"has-open-sans-font-family wp-block-paragraph\" style=\"font-size:clamp(0.875rem, 0.875rem + ((1vw - 0.2rem) * 0.498), 1.13rem);\">En 2024 organizamos d\u00faas WordCamps: Pontevedra e Vigo. E decat\u00e1monos de que non ti\u00f1a sentido percorrer o cami\u00f1o por separado.<\/p>\n\n\n\n<p class=\"wp-block-paragraph\" style=\"font-size:clamp(14px, 0.875rem + ((1vw - 3.2px) * 0.488), 18px);\">Porque o que nos une fortal\u00e9cenos. e o que divide sep\u00e1ranos.<\/p>\n\n\n\n<p class=\"has-accent-4-color has-text-color has-link-color has-open-sans-font-family wp-elements-8456b96fccb4412350568890eb11695c wp-block-paragraph\" style=\"font-size:clamp(0.875rem, 0.875rem + ((1vw - 0.2rem) * 0.498), 1.13rem);\"><strong>Foi as\u00ed como naceu WordCamp Galicia!<\/strong><\/p>\n\n\n\n<p class=\"has-open-sans-font-family wp-block-paragraph\" style=\"font-size:clamp(0.875rem, 0.875rem + ((1vw - 0.2rem) * 0.498), 1.13rem);\">WordCamp Galicia \u00e9 a primeira WordCamp de Galicia que, como unha boa xuntanza, re\u00fane a todos os grupos locais de WordPress: A Coru\u00f1a, Ferrolterra, Lugo, Ourense, Pontevedra, Santiago e Vigo  nun evento de tres d\u00edas.<\/p>\n<\/div><\/div>\n\n\n\n<div class=\"wp-block-media-text alignwide has-media-on-the-right is-stacked-on-mobile is-vertically-aligned-top\" style=\"margin-right:0%;margin-left:0%;padding-top:0;padding-right:0%;padding-bottom:0;padding-left:0%;grid-template-columns:auto 40%\"><div class=\"wp-block-media-text__content\">\n<p class=\"has-open-sans-font-family wp-block-paragraph\" style=\"font-size:clamp(0.875rem, 0.875rem + ((1vw - 0.2rem) * 0.498), 1.13rem);\">Unha WordCamp \u00e9 un lugar de encontro aberto se queres <strong>impulsar o teu proxecto, escalar o teu negocio, conectar con novos contactos, inspirarte, refrescar os teus co\u00f1ecementos, descubrir novas ferramentas, recargar enerx\u00edas e comer e beber como fan en Galicia.<\/strong><\/p>\n\n\n\n<p class=\"wp-block-paragraph\" style=\"font-size:clamp(0.875rem, 0.875rem + ((1vw - 0.2rem) * 0.498), 1.13rem);\">E todo, por suposto, co apoio, o sustento e o respaldo da <strong>nosa tecnolox\u00eda insignia de c\u00f3digo aberto: WordPress.<\/strong><\/p>\n\n\n\n<p class=\"wp-block-paragraph\" style=\"font-size:clamp(0.875rem, 0.875rem + ((1vw - 0.2rem) * 0.498), 1.13rem);\">Se che gusta WordPress, tes un proxecto de formaci\u00f3n, unha p\u00e1xina web, un blog onde compartes co\u00f1ecementos, traballas en algo relacionado co mundo dixital ou simplemente queres descubrir como \u00e9 unha WordCamp, non podes perderte esta gran celebraci\u00f3n.<\/p>\n<\/div><figure class=\"wp-block-media-text__media\"><img loading=\"lazy\" decoding=\"async\" width=\"540\" height=\"395\" src=\"https:\/\/galicia.wordcamp.org\/2025\/files\/2025\/05\/Nilo-WordCampPontevedra2024-Comer.webp\" alt=\"Nilo V\u00e9lez\" class=\"wp-image-7913 size-full\" srcset=\"https:\/\/galicia.wordcamp.org\/2025\/files\/2025\/05\/Nilo-WordCampPontevedra2024-Comer.webp 540w, https:\/\/galicia.wordcamp.org\/2025\/files\/2025\/05\/Nilo-WordCampPontevedra2024-Comer-300x219.webp 300w, https:\/\/galicia.wordcamp.org\/2025\/files\/2025\/05\/Nilo-WordCampPontevedra2024-Comer-410x300.webp 410w\" sizes=\"auto, (max-width: 540px) 100vw, 540px\" \/><\/figure><\/div>\n\n\n\n<div class=\"wp-block-group alignwide has-global-padding is-layout-constrained wp-container-core-group-is-layout-44acaff8 wp-block-group-is-layout-constrained\" style=\"padding-top:40px;padding-bottom:40px\">\n<p class=\"has-text-align-center wp-block-paragraph\" style=\"font-size:clamp(15.747px, 0.984rem + ((1vw - 3.2px) * 1.006), 24px);\"><strong>An\u00edmate a participar!<\/strong> Esper\u00e1moste do 3 \u00f3 5 de outubro na Facultade de Comunicaci\u00f3n de Pontevedra.<\/p>\n\n\n\n<div class=\"wp-block-buttons is-content-justification-center is-layout-flex wp-container-core-buttons-is-layout-0aa01211 wp-block-buttons-is-layout-flex\">\n<div class=\"wp-block-button is-style-fill sombra-verde\"><a class=\"wp-block-button__link has-base-color has-accent-4-background-color has-text-color has-background has-link-color has-border-color has-custom-font-size wp-element-button\" href=\"https:\/\/galicia.wordcamp.org\/2025\/entradas\/\" style=\"border-color:#35ff69;border-radius:0px;padding-top:8px;padding-right:24px;padding-bottom:8px;padding-left:24px;font-size:clamp(14px, 0.875rem + ((1vw - 3.2px) * 0.488), 18px);font-style:normal;font-weight:800\">Mercar entrada<\/a><\/div>\n<\/div>\n<\/div>\n\n\n\n<div class=\"wp-block-group alignfull has-global-padding is-layout-constrained wp-container-core-group-is-layout-6b948d3d wp-block-group-is-layout-constrained has-background\" style=\"min-height:80px;padding-top:0;padding-right:0;padding-bottom:0;padding-left:0;background-image:url(&apos;https:\/\/galicia.wordcamp.org\/2025\/files\/2025\/05\/onda-color-claro.png&apos;);background-size:cover;\"><\/div>\n\n\n\n<div class=\"wp-block-group alignfull has-background has-global-padding is-layout-constrained wp-container-core-group-is-layout-9fee76e0 wp-block-group-is-layout-constrained\" style=\"background-color:#ecf0f6;margin-top:0px;margin-bottom:24px;padding-top:0px;padding-right:0;padding-bottom:0px;padding-left:0\">\n<div class=\"wp-block-group has-global-padding is-layout-constrained wp-container-core-group-is-layout-723a4b0c wp-block-group-is-layout-constrained\" style=\"padding-top:8px;padding-bottom:8px\">\n<h2 class=\"wp-block-heading has-text-align-center has-accent-4-color has-text-color has-link-color wp-elements-0209291fdba8d65ad5275ef188e78047\" style=\"padding-top:var(--wp--preset--spacing--30)\">&nbsp;Participa na WordCamp Galicia 2025<\/h2>\n\n\n\n<p class=\"has-text-align-center has-open-sans-font-family wp-block-paragraph\" style=\"padding-right:8px;padding-left:8px;font-size:clamp(0.875rem, 0.875rem + ((1vw - 0.2rem) * 0.498), 1.13rem);\">WordCamp Galicia \u00e9 un evento sen \u00e1nimo de lucro organizado por membros da Comunidade de WordPress en Galicia de xeito desinteresado.<\/p>\n\n\n\n<p class=\"has-text-align-center has-open-sans-font-family wp-block-paragraph\" style=\"padding-right:8px;padding-left:8px;font-size:clamp(0.875rem, 0.875rem + ((1vw - 0.2rem) * 0.498), 1.13rem);\">Un percorrido de meses que <strong>non se poder\u00eda levar a cabo sen a participaci\u00f3n e colaboraci\u00f3n de moitas persoas <\/strong>que se converten en pezas indispensables do noso equipamento.<br><\/p>\n<\/div>\n\n\n\n<div class=\"wp-block-group has-global-padding is-layout-constrained wp-block-group-is-layout-constrained\" style=\"margin-top:0px;margin-bottom:0px;padding-bottom:60px\">\n<div class=\"wp-block-columns alignwide is-layout-flex wp-container-core-columns-is-layout-879fb5c9 wp-block-columns-is-layout-flex\" style=\"margin-top:0;margin-bottom:0px;padding-top:0px;padding-bottom:0px\">\n<div class=\"wp-block-column is-vertically-aligned-stretch is-layout-flow wp-block-column-is-layout-flow\" style=\"padding-top:24px;padding-right:8px;padding-bottom:24px;padding-left:8px\">\n<figure class=\"wp-block-image aligncenter size-full\"><img loading=\"lazy\" decoding=\"async\" width=\"160\" height=\"160\" src=\"https:\/\/galicia.wordcamp.org\/2025\/files\/2025\/05\/PATROS.webp\" alt=\"\" class=\"wp-image-8184\" style=\"object-fit:cover\" srcset=\"https:\/\/galicia.wordcamp.org\/2025\/files\/2025\/05\/PATROS.webp 160w, https:\/\/galicia.wordcamp.org\/2025\/files\/2025\/05\/PATROS-150x150.webp 150w\" sizes=\"auto, (max-width: 160px) 100vw, 160px\" \/><\/figure>\n\n\n\n<h3 class=\"wp-block-heading has-text-align-center has-accent-4-color has-text-color has-link-color wp-elements-6812746b80dcb309c54887d9dc58313a\" style=\"font-style:normal;font-weight:700\">Patrocinadores<\/h3>\n\n\n\n<p class=\"has-text-align-center wp-block-paragraph\" style=\"font-size:clamp(14px, 0.875rem + ((1vw - 3.2px) * 0.488), 18px);font-style:normal;font-weight:400\">Ax\u00fadanos cos gastos do evento, e apoia o <em>Open Source<\/em> e os seus valores para que o noso ecosistema siga medrando.<\/p>\n\n\n\n<div class=\"wp-block-buttons is-content-justification-center is-layout-flex wp-container-core-buttons-is-layout-5c164e76 wp-block-buttons-is-layout-flex\" style=\"margin-top:24px\">\n<div class=\"wp-block-button is-style-fill sombra-verde\"><a class=\"wp-block-button__link has-base-color has-accent-4-background-color has-text-color has-background has-link-color has-border-color has-custom-font-size wp-element-button\" href=\"https:\/\/galicia.wordcamp.org\/2025\/participar-como-patrocinador\/\" style=\"border-color:#35ff69;border-radius:0px;padding-top:8px;padding-right:24px;padding-bottom:8px;padding-left:24px;font-size:clamp(14px, 0.875rem + ((1vw - 3.2px) * 0.244), 16px);font-style:normal;font-weight:800\">Participar<\/a><\/div>\n<\/div>\n<\/div>\n\n\n\n<div class=\"wp-block-column is-vertically-aligned-stretch is-layout-flow wp-block-column-is-layout-flow\" style=\"padding-top:24px;padding-right:8px;padding-bottom:24px;padding-left:8px\">\n<figure class=\"wp-block-image aligncenter size-full\"><img loading=\"lazy\" decoding=\"async\" width=\"160\" height=\"160\" src=\"https:\/\/galicia.wordcamp.org\/2025\/files\/2025\/05\/ponentes.webp\" alt=\"\" class=\"wp-image-8185\" style=\"object-fit:cover\" srcset=\"https:\/\/galicia.wordcamp.org\/2025\/files\/2025\/05\/ponentes.webp 160w, https:\/\/galicia.wordcamp.org\/2025\/files\/2025\/05\/ponentes-150x150.webp 150w\" sizes=\"auto, (max-width: 160px) 100vw, 160px\" \/><\/figure>\n\n\n\n<h3 class=\"wp-block-heading has-text-align-center has-accent-4-color has-text-color has-link-color wp-elements-2025aa1b852dc003979f31464742ef13\" style=\"font-style:normal;font-weight:700\">Relatores<\/h3>\n\n\n\n<p class=\"has-text-align-center wp-block-paragraph\" style=\"font-size:clamp(14px, 0.875rem + ((1vw - 3.2px) * 0.488), 18px);\">Inspira ou axuda a outras persoas compartindo a t\u00faa experiencia e co\u00f1ecementos nun ambiente moi receptivo e participativo.<\/p>\n\n\n\n<div class=\"wp-block-buttons is-content-justification-center is-layout-flex wp-container-core-buttons-is-layout-5c164e76 wp-block-buttons-is-layout-flex\" style=\"margin-top:24px\">\n<div class=\"wp-block-button is-style-fill sombra-verde\"><a class=\"wp-block-button__link has-base-color has-accent-4-background-color has-text-color has-background has-link-color has-border-color has-custom-font-size wp-element-button\" href=\"https:\/\/galicia.wordcamp.org\/2025\/participar-como-relator\/\" style=\"border-color:#35ff69;border-radius:0px;padding-top:8px;padding-right:24px;padding-bottom:8px;padding-left:24px;font-size:clamp(14px, 0.875rem + ((1vw - 3.2px) * 0.244), 16px);font-style:normal;font-weight:800\">Participar<\/a><\/div>\n<\/div>\n<\/div>\n\n\n\n<div class=\"wp-block-column is-vertically-aligned-stretch is-layout-flow wp-block-column-is-layout-flow\" style=\"padding-top:24px;padding-right:8px;padding-bottom:24px;padding-left:8px\">\n<figure class=\"wp-block-image aligncenter size-full\"><img loading=\"lazy\" decoding=\"async\" width=\"160\" height=\"160\" src=\"https:\/\/galicia.wordcamp.org\/2025\/files\/2025\/05\/voluntarios-1.webp\" alt=\"\" class=\"wp-image-8188\" srcset=\"https:\/\/galicia.wordcamp.org\/2025\/files\/2025\/05\/voluntarios-1.webp 160w, https:\/\/galicia.wordcamp.org\/2025\/files\/2025\/05\/voluntarios-1-150x150.webp 150w\" sizes=\"auto, (max-width: 160px) 100vw, 160px\" \/><\/figure>\n\n\n\n<h3 class=\"wp-block-heading has-text-align-center has-accent-4-color has-text-color has-link-color wp-elements-e5e75bc69008fa061ec3c41c4e891e0e\" style=\"font-style:normal;font-weight:700\">Voluntarios<\/h3>\n\n\n\n<p class=\"has-text-align-center wp-block-paragraph\" style=\"font-size:clamp(14px, 0.875rem + ((1vw - 3.2px) * 0.488), 18px);\">B\u00f3tanos unha man con algunhas tarefas, e co\u00f1ece todo o que hai detr\u00e1s dun evento as\u00ed, coma un membro m\u00e1is do noso equipo.<\/p>\n\n\n\n<div class=\"wp-block-buttons is-content-justification-center is-layout-flex wp-container-core-buttons-is-layout-5c164e76 wp-block-buttons-is-layout-flex\" style=\"margin-top:24px\">\n<div class=\"wp-block-button is-style-fill sombra-verde\"><a class=\"wp-block-button__link has-base-color has-accent-4-background-color has-text-color has-background has-link-color has-border-color has-custom-font-size wp-element-button\" href=\"https:\/\/galicia.wordcamp.org\/2025\/participar-como-voluntario\/\" style=\"border-color:#35ff69;border-radius:0px;padding-top:8px;padding-right:24px;padding-bottom:8px;padding-left:24px;font-size:clamp(14px, 0.875rem + ((1vw - 3.2px) * 0.244), 16px);font-style:normal;font-weight:800\">Participar<\/a><\/div>\n<\/div>\n<\/div>\n\n\n\n<div class=\"wp-block-column is-vertically-aligned-stretch is-layout-flow wp-block-column-is-layout-flow\" style=\"padding-top:24px;padding-right:8px;padding-bottom:40px;padding-left:8px\">\n<figure class=\"wp-block-image aligncenter size-full\"><img loading=\"lazy\" decoding=\"async\" width=\"160\" height=\"160\" src=\"https:\/\/galicia.wordcamp.org\/2025\/files\/2025\/05\/asistentes.webp\" alt=\"\" class=\"wp-image-8187\" style=\"object-fit:cover\" srcset=\"https:\/\/galicia.wordcamp.org\/2025\/files\/2025\/05\/asistentes.webp 160w, https:\/\/galicia.wordcamp.org\/2025\/files\/2025\/05\/asistentes-150x150.webp 150w\" sizes=\"auto, (max-width: 160px) 100vw, 160px\" \/><\/figure>\n\n\n\n<h3 class=\"wp-block-heading has-text-align-center has-accent-4-color has-text-color has-link-color wp-elements-af2f485780bf43b4754dea5e3c396289\" style=\"font-style:normal;font-weight:700\">Asistentes<\/h3>\n\n\n\n<p class=\"has-text-align-center wp-block-paragraph\" style=\"font-size:clamp(14px, 0.875rem + ((1vw - 3.2px) * 0.488), 18px);\">Accede \u00e1s actividades, conecta cos demais, rep\u00f3n forzas coa nosa comida tradicional, e faite co pack de benvida mercando a t\u00faa entrada.<\/p>\n\n\n\n<div class=\"wp-block-buttons is-content-justification-center is-layout-flex wp-container-core-buttons-is-layout-5c164e76 wp-block-buttons-is-layout-flex\" style=\"margin-top:24px\">\n<div class=\"wp-block-button is-style-fill sombra-verde\"><a class=\"wp-block-button__link has-base-2-color has-accent-4-background-color has-text-color has-background has-link-color has-border-color has-custom-font-size wp-element-button\" href=\"https:\/\/galicia.wordcamp.org\/2025\/entradas\/\" style=\"border-color:#35ff69;border-radius:0px;padding-top:8px;padding-right:24px;padding-bottom:8px;padding-left:24px;font-size:clamp(14px, 0.875rem + ((1vw - 3.2px) * 0.244), 16px);font-style:normal;font-weight:800\">Participar<\/a><\/div>\n<\/div>\n<\/div>\n<\/div>\n<\/div>\n<\/div>\n\n\n\n<div class=\"wp-block-columns alignwide is-layout-flex wp-container-core-columns-is-layout-6ba3fdbd wp-block-columns-is-layout-flex\" style=\"margin-top:40px;padding-top:40px;padding-bottom:40px\">\n<div class=\"wp-block-column is-vertically-aligned-top has-global-padding is-layout-constrained wp-container-core-column-is-layout-3583378b wp-block-column-is-layout-constrained\" style=\"flex-basis:50%\">\n<h2 class=\"wp-block-heading has-accent-4-color has-text-color has-link-color wp-elements-3c65eb6a0c5aa1cb6dd50e955f09caeb\">Localizaci\u00f3n<\/h2>\n\n\n\n<p class=\"has-open-sans-font-family wp-block-paragraph\" style=\"font-size:clamp(0.875rem, 0.875rem + ((1vw - 0.2rem) * 0.498), 1.13rem);\">A WordCamp Galicia celebrarase na Facultade de Comunicaci\u00f3n no Campus de Pontevedra da Universidade de Vigo.<\/p>\n\n\n\n<p class=\"has-open-sans-font-family wp-block-paragraph\" style=\"font-size:clamp(0.875rem, 0.875rem + ((1vw - 0.2rem) * 0.498), 1.13rem);\"><strong>Direcci\u00f3n:<\/strong> Campus Universitario da Xunqueira, s\/n 36005 \u2013 Pontevedra <\/p>\n<\/div>\n\n\n\n<div class=\"wp-block-column is-vertically-aligned-center is-layout-flow wp-block-column-is-layout-flow\" style=\"flex-basis:50%\">\n<figure class=\"wp-block-image size-full\"><a href=\"https:\/\/www.google.com\/maps?ll=42.440139,-8.637876&amp;z=15&amp;t=m&amp;hl=en&amp;gl=ES&amp;mapclient=embed&amp;cid=710842849256256857\"><img loading=\"lazy\" decoding=\"async\" width=\"899\" height=\"525\" src=\"https:\/\/galicia.wordcamp.org\/2025\/files\/2024\/04\/mapa.jpg\" alt=\"\" class=\"wp-image-2315\" srcset=\"https:\/\/galicia.wordcamp.org\/2025\/files\/2024\/04\/mapa.jpg 899w, https:\/\/galicia.wordcamp.org\/2025\/files\/2024\/04\/mapa-300x175.jpg 300w, https:\/\/galicia.wordcamp.org\/2025\/files\/2024\/04\/mapa-768x448.jpg 768w, https:\/\/galicia.wordcamp.org\/2025\/files\/2024\/04\/mapa-500x292.jpg 500w\" sizes=\"auto, (max-width: 899px) 100vw, 899px\" \/><\/a><\/figure>\n<\/div>\n<\/div>\n\n\n\n<div class=\"wp-block-group alignfull has-global-padding is-layout-constrained wp-container-core-group-is-layout-6b3b7742 wp-block-group-is-layout-constrained has-background\" style=\"min-height:70px;background-image:url(&apos;https:\/\/galicia.wordcamp.org\/2025\/files\/2025\/05\/onda-color-claro.png&apos;);background-size:cover;\"><\/div>\n\n\n\n<div class=\"wp-block-group alignfull has-background has-global-padding is-layout-constrained wp-container-core-group-is-layout-54f2c62b wp-block-group-is-layout-constrained\" style=\"background-color:#ecf0f6;margin-top:0px;margin-bottom:0px;padding-top:0px;padding-right:0;padding-bottom:40px;padding-left:0\">\n<h2 class=\"wp-block-heading has-text-align-center has-accent-4-color has-text-color has-link-color wp-elements-4ec686db4ecda0603900c148e3f3d96b\" style=\"padding-top:var(--wp--preset--spacing--40)\">&nbsp;Necesitas m\u00e1is informaci\u00f3n?<\/h2>\n\n\n\n<p class=\"has-text-align-center has-open-sans-font-family wp-block-paragraph\" style=\"padding-right:8px;padding-left:8px;font-size:clamp(0.875rem, 0.875rem + ((1vw - 0.2rem) * 0.498), 1.13rem);\">Se a\u00ednda non tes claro se este gran evento \u00e9 para ti e precisas m\u00e1is datos, podes consultar a seguinte informaci\u00f3n:<\/p>\n\n\n\n<div class=\"wp-block-columns is-layout-flex wp-container-core-columns-is-layout-77c5b036 wp-block-columns-is-layout-flex\" style=\"padding-top:24px;padding-bottom:24px\">\n<div class=\"wp-block-column is-layout-flow wp-block-column-is-layout-flow\">\n<div class=\"wp-block-columns are-vertically-aligned-top is-not-stacked-on-mobile is-layout-flex wp-container-core-columns-is-layout-5c63219c wp-block-columns-is-layout-flex\" style=\"padding-top:16px;padding-right:0px;padding-bottom:16px;padding-left:0px\">\n<div class=\"wp-block-column is-vertically-aligned-top is-layout-flow wp-block-column-is-layout-flow\">\n<figure class=\"wp-block-image aligncenter size-full\"><img loading=\"lazy\" decoding=\"async\" width=\"91\" height=\"90\" src=\"https:\/\/galicia.wordcamp.org\/2025\/files\/2025\/05\/ico-evento-min.png\" alt=\"\" class=\"wp-image-7710\" \/><\/figure>\n\n\n\n<h3 class=\"wp-block-heading has-text-align-center has-accent-4-color has-text-color has-link-color has-open-sans-font-family wp-elements-7eb958a83b586fa8cffc99931dfae841\" style=\"font-size:clamp(0.918rem, 0.918rem + ((1vw - 0.2rem) * 0.901), 1.38rem);font-style:normal;font-weight:700\"><a href=\"https:\/\/galicia.wordcamp.org\/2025\/actividades\" data-type=\"link\" data-id=\"https:\/\/galicia.wordcamp.org\/2025\/actividades\">Evento<\/a><\/h3>\n<\/div>\n\n\n\n<div class=\"wp-block-column is-vertically-aligned-top is-layout-flow wp-block-column-is-layout-flow\" style=\"padding-top:0px;padding-bottom:0px\">\n<figure class=\"wp-block-image aligncenter size-full\"><img loading=\"lazy\" decoding=\"async\" width=\"90\" height=\"90\" src=\"https:\/\/galicia.wordcamp.org\/2025\/files\/2025\/05\/ico-programa-min.png\" alt=\"\" class=\"wp-image-7712\" \/><\/figure>\n\n\n\n<h3 class=\"wp-block-heading has-text-align-center has-accent-4-color has-text-color has-link-color has-open-sans-font-family wp-elements-11861d129297441348e41c4c4117a46b\" style=\"font-size:clamp(14.642px, 0.915rem + ((1vw - 3.2px) * 0.897), 22px);font-style:normal;font-weight:700\"><a href=\"https:\/\/galicia.wordcamp.org\/2025\/programa\/\" data-type=\"link\" data-id=\"https:\/\/galicia.wordcamp.org\/2025\/programa\/\">Programa<\/a><\/h3>\n<\/div>\n<\/div>\n<\/div>\n\n\n\n<div class=\"wp-block-column is-layout-flow wp-block-column-is-layout-flow\" style=\"padding-top:16px;padding-bottom:16px\">\n<div class=\"wp-block-columns is-not-stacked-on-mobile is-layout-flex wp-container-core-columns-is-layout-3a88641f wp-block-columns-is-layout-flex\">\n<div class=\"wp-block-column is-layout-flow wp-block-column-is-layout-flow\">\n<figure class=\"wp-block-image aligncenter size-full\"><img loading=\"lazy\" decoding=\"async\" width=\"90\" height=\"90\" src=\"https:\/\/galicia.wordcamp.org\/2025\/files\/2025\/05\/ico-ludoteca-min.png\" alt=\"\" class=\"wp-image-7711\" \/><\/figure>\n\n\n\n<h3 class=\"wp-block-heading has-text-align-center has-accent-4-color has-text-color has-link-color has-open-sans-font-family wp-elements-5559184a28426c2e8ba806c76a432cb4\" style=\"font-size:clamp(14.642px, 0.915rem + ((1vw - 3.2px) * 0.897), 22px);font-style:normal;font-weight:700\"><a href=\"https:\/\/galicia.wordcamp.org\/2025\/ludoteca\/\" data-type=\"link\" data-id=\"https:\/\/galicia.wordcamp.org\/2025\/ludoteca\/\">Ludoteca<\/a><\/h3>\n<\/div>\n\n\n\n<div class=\"wp-block-column is-layout-flow wp-block-column-is-layout-flow\">\n<figure class=\"wp-block-image aligncenter size-full\"><img loading=\"lazy\" decoding=\"async\" width=\"90\" height=\"90\" src=\"https:\/\/galicia.wordcamp.org\/2025\/files\/2025\/05\/ico-contacto-min.png\" alt=\"\" class=\"wp-image-7709\" \/><\/figure>\n\n\n\n<h3 class=\"wp-block-heading has-text-align-center has-accent-4-color has-text-color has-link-color has-open-sans-font-family wp-elements-6d46bc813158e298baff2920811ca214\" style=\"font-size:clamp(14.642px, 0.915rem + ((1vw - 3.2px) * 0.897), 22px);font-style:normal;font-weight:700\"><a href=\"https:\/\/galicia.wordcamp.org\/2025\/contacto\/\" data-type=\"link\" data-id=\"https:\/\/galicia.wordcamp.org\/2025\/contacto\/\">Contacto<\/a><\/h3>\n<\/div>\n<\/div>\n<\/div>\n<\/div>\n<\/div>\n\n\n\n<div class=\"wp-block-group has-global-padding is-layout-constrained wp-block-group-is-layout-constrained\" style=\"margin-bottom:80px\">\n<h2 class=\"wp-block-heading has-text-align-center has-accent-4-color has-text-color has-link-color wp-elements-1e20b49ec6349ef62d7586aaad0c3ea1\" style=\"margin-top:40px\">\u00daltimas novas<\/h2>\n\n\n\n<div class=\"wp-block-query alignwide is-layout-flow wp-block-query-is-layout-flow\"><ul class=\"columns-3 alignwide cl-home-news wp-block-post-template is-layout-grid wp-container-core-post-template-is-layout-7e964c02 wp-block-post-template-is-layout-grid\"><li class=\"wp-block-post post-11343 post type-post status-publish format-standard has-post-thumbnail hentry category-blog\">\n<figure style=\"width:100%;height:max(15vw, 30vh);\" class=\"alignwide wp-block-post-featured-image\"><a href=\"https:\/\/galicia.wordcamp.org\/2025\/videos-fotos-meetups-e-demais\/\" target=\"_self\"  style=\"height:max(15vw, 30vh)\"><img loading=\"lazy\" decoding=\"async\" width=\"1440\" height=\"960\" src=\"https:\/\/galicia.wordcamp.org\/2025\/files\/2025\/10\/Ata-logo-01.jpg\" class=\"attachment-post-thumbnail size-post-thumbnail wp-post-image\" alt=\"V\u00eddeos, fotos, MeetUps e dem\u00e1is&#8230;\" style=\"border-radius:0px;border-style:none;border-width:0px;height:max(15vw, 30vh);object-fit:contain;\" srcset=\"https:\/\/galicia.wordcamp.org\/2025\/files\/2025\/10\/Ata-logo-01.jpg 1440w, https:\/\/galicia.wordcamp.org\/2025\/files\/2025\/10\/Ata-logo-01-300x200.jpg 300w, https:\/\/galicia.wordcamp.org\/2025\/files\/2025\/10\/Ata-logo-01-1024x683.jpg 1024w, https:\/\/galicia.wordcamp.org\/2025\/files\/2025\/10\/Ata-logo-01-768x512.jpg 768w, https:\/\/galicia.wordcamp.org\/2025\/files\/2025\/10\/Ata-logo-01-450x300.jpg 450w\" sizes=\"auto, (max-width: 1440px) 100vw, 1440px\" \/><\/a><\/figure>\n\n<div class=\"wp-block-post-date\"><a href=\"https:\/\/galicia.wordcamp.org\/2025\/videos-fotos-meetups-e-demais\/\"><time datetime=\"2025-10-22T11:43:00+02:00\">22 Outubro, 2025<\/time><\/a><\/div>\n\n<h2 style=\"font-size:clamp(15.747px, 0.984rem + ((1vw - 3.2px) * 1.006), 24px);font-style:normal;font-weight:700; padding-right:2%;padding-left:2%;\" class=\"has-link-color wp-elements-bdfc1004978228fc4ec26dfca5f2b358 wp-block-post-title has-text-color has-accent-4-color has-open-sans-font-family\"><a href=\"https:\/\/galicia.wordcamp.org\/2025\/videos-fotos-meetups-e-demais\/\" target=\"_self\" >V\u00eddeos, fotos, MeetUps e dem\u00e1is&#8230;<\/a><\/h2>\n<\/li><li class=\"wp-block-post post-11368 post type-post status-publish format-standard has-post-thumbnail hentry category-blog\">\n<figure style=\"width:100%;height:max(15vw, 30vh);\" class=\"alignwide wp-block-post-featured-image\"><a href=\"https:\/\/galicia.wordcamp.org\/2025\/asi-foi-wordcamp-galicia\/\" target=\"_self\"  style=\"height:max(15vw, 30vh)\"><img loading=\"lazy\" decoding=\"async\" width=\"1440\" height=\"960\" src=\"https:\/\/galicia.wordcamp.org\/2025\/files\/2025\/10\/RESUMEN-WORDCAMP-GALICIA-012.jpg\" class=\"attachment-post-thumbnail size-post-thumbnail wp-post-image\" alt=\"As\u00ed foi WordCamp Galicia\" style=\"border-radius:0px;border-style:none;border-width:0px;height:max(15vw, 30vh);object-fit:contain;\" srcset=\"https:\/\/galicia.wordcamp.org\/2025\/files\/2025\/10\/RESUMEN-WORDCAMP-GALICIA-012.jpg 1440w, https:\/\/galicia.wordcamp.org\/2025\/files\/2025\/10\/RESUMEN-WORDCAMP-GALICIA-012-300x200.jpg 300w, https:\/\/galicia.wordcamp.org\/2025\/files\/2025\/10\/RESUMEN-WORDCAMP-GALICIA-012-1024x683.jpg 1024w, https:\/\/galicia.wordcamp.org\/2025\/files\/2025\/10\/RESUMEN-WORDCAMP-GALICIA-012-768x512.jpg 768w, https:\/\/galicia.wordcamp.org\/2025\/files\/2025\/10\/RESUMEN-WORDCAMP-GALICIA-012-450x300.jpg 450w\" sizes=\"auto, (max-width: 1440px) 100vw, 1440px\" \/><\/a><\/figure>\n\n<div class=\"wp-block-post-date\"><a href=\"https:\/\/galicia.wordcamp.org\/2025\/asi-foi-wordcamp-galicia\/\"><time datetime=\"2025-10-17T08:12:38+02:00\">17 Outubro, 2025<\/time><\/a><\/div>\n\n<h2 style=\"font-size:clamp(15.747px, 0.984rem + ((1vw - 3.2px) * 1.006), 24px);font-style:normal;font-weight:700; padding-right:2%;padding-left:2%;\" class=\"has-link-color wp-elements-bdfc1004978228fc4ec26dfca5f2b358 wp-block-post-title has-text-color has-accent-4-color has-open-sans-font-family\"><a href=\"https:\/\/galicia.wordcamp.org\/2025\/asi-foi-wordcamp-galicia\/\" target=\"_self\" >As\u00ed foi WordCamp Galicia<\/a><\/h2>\n<\/li><li class=\"wp-block-post post-11333 post type-post status-publish format-standard has-post-thumbnail hentry category-blog\">\n<figure style=\"width:100%;height:max(15vw, 30vh);\" class=\"alignwide wp-block-post-featured-image\"><a href=\"https:\/\/galicia.wordcamp.org\/2025\/grazas\/\" target=\"_self\"  style=\"height:max(15vw, 30vh)\"><img loading=\"lazy\" decoding=\"async\" width=\"1440\" height=\"960\" src=\"https:\/\/galicia.wordcamp.org\/2025\/files\/2025\/10\/GRAZAS-01.jpg\" class=\"attachment-post-thumbnail size-post-thumbnail wp-post-image\" alt=\"Grazas\" style=\"border-radius:0px;border-style:none;border-width:0px;height:max(15vw, 30vh);object-fit:contain;\" srcset=\"https:\/\/galicia.wordcamp.org\/2025\/files\/2025\/10\/GRAZAS-01.jpg 1440w, https:\/\/galicia.wordcamp.org\/2025\/files\/2025\/10\/GRAZAS-01-300x200.jpg 300w, https:\/\/galicia.wordcamp.org\/2025\/files\/2025\/10\/GRAZAS-01-1024x683.jpg 1024w, https:\/\/galicia.wordcamp.org\/2025\/files\/2025\/10\/GRAZAS-01-768x512.jpg 768w, https:\/\/galicia.wordcamp.org\/2025\/files\/2025\/10\/GRAZAS-01-450x300.jpg 450w\" sizes=\"auto, (max-width: 1440px) 100vw, 1440px\" \/><\/a><\/figure>\n\n<div class=\"wp-block-post-date\"><a href=\"https:\/\/galicia.wordcamp.org\/2025\/grazas\/\"><time datetime=\"2025-10-10T10:32:02+02:00\">10 Outubro, 2025<\/time><\/a><\/div>\n\n<h2 style=\"font-size:clamp(15.747px, 0.984rem + ((1vw - 3.2px) * 1.006), 24px);font-style:normal;font-weight:700; padding-right:2%;padding-left:2%;\" class=\"has-link-color wp-elements-bdfc1004978228fc4ec26dfca5f2b358 wp-block-post-title has-text-color has-accent-4-color has-open-sans-font-family\"><a href=\"https:\/\/galicia.wordcamp.org\/2025\/grazas\/\" target=\"_self\" >Grazas<\/a><\/h2>\n<\/li><\/ul>\n\n\n<p class=\"has-text-align-right wp-block-paragraph\"><strong><a href=\"https:\/\/galicia.wordcamp.org\/2025\/novas\/\" data-type=\"link\" data-id=\"https:\/\/galicia.wordcamp.org\/2025\/novas\/\">Ver todas as novas &gt;&gt;<\/a><\/strong><\/p>\n<\/div>\n<\/div>\n\n\n\n<div class=\"wp-block-group alignfull has-accent-4-background-color has-background has-global-padding is-layout-constrained wp-container-core-group-is-layout-6402915b wp-block-group-is-layout-constrained\" style=\"margin-top:0px;margin-bottom:0px;padding-top:64px;padding-bottom:64px\">\n<h2 class=\"wp-block-heading has-text-align-center has-base-color has-text-color has-x-large-font-size\" style=\"line-height:1.2\">Subscr\u00edbete \u00f3 noso blog<\/h2>\n\n\n\n<div class=\"wp-block-group has-global-padding is-layout-constrained wp-container-core-group-is-layout-eceafd14 wp-block-group-is-layout-constrained\" style=\"padding-right:2%;padding-left:2%\">\n<p class=\"has-text-align-center has-base-2-color has-text-color has-link-color has-medium-font-size wp-elements-b73c1ccd08319c18ab2bf6612c341e67 wp-block-paragraph\">Inscr\u00edbete na lista de prioridades e avisar\u00e9mosche a medida que se achegue o evento, con aviso previo, actualizaci\u00f3ns do blog, pr\u00f3ximas actividades e todo o demais que precises saber.<\/p>\n<\/div>\n\n\n<div class=\"wp-block-jetpack-subscriptions__supports-newline suscripciones is-style-split wp-block-jetpack-subscriptions\">\n\t\t<div>\n\t\t\t<div>\n\t\t\t\t<div>\n\t\t\t\t\t<p style=\"width: 25%;max-width: 100%;\">\n\t\t\t\t\t\t<a href=\"https:\/\/galicia.wordcamp.org\/2025\/?post_type=page&#038;p=2052\" style=\"width: calc(100% - 10px);font-size: 22px;padding: 8px 12px 8px 12px;margin: 0; margin-left: 10px;border-color: base;border-radius: 0px;border-width: 0px; text-decoration: none; white-space: nowrap; margin-left: 0\"><strong>Subscr\u00edbete<\/strong><\/a>\n\t\t\t\t\t<\/p>\n\t\t\t\t<\/div>\n\t\t\t<\/div>\n\t\t<\/div>\n\t<\/div><\/div>\n","protected":false},"excerpt":{"rendered":"<p>Evento de WordPress centrado no emprendemento dixital no que desfrutar de diferentes actividades formativas e networking.<\/p>\n","protected":false},"author":18742608,"featured_media":8140,"parent":0,"menu_order":0,"comment_status":"closed","ping_status":"closed","template":"wp-custom-template-p-xina-inicio-gl","meta":{"_crdt_document":"","jetpack_post_was_ever_published":false,"footnotes":""},"class_list":["post-2052","page","type-page","status-publish","has-post-thumbnail","hentry"],"jetpack_sharing_enabled":true,"_links":{"self":[{"href":"https:\/\/galicia.wordcamp.org\/2025\/wp-json\/wp\/v2\/pages\/2052","targetHints":{"allow":["GET"]}}],"collection":[{"href":"https:\/\/galicia.wordcamp.org\/2025\/wp-json\/wp\/v2\/pages"}],"about":[{"href":"https:\/\/galicia.wordcamp.org\/2025\/wp-json\/wp\/v2\/types\/page"}],"author":[{"embeddable":true,"href":"https:\/\/galicia.wordcamp.org\/2025\/wp-json\/wp\/v2\/users\/18742608"}],"replies":[{"embeddable":true,"href":"https:\/\/galicia.wordcamp.org\/2025\/wp-json\/wp\/v2\/comments?post=2052"}],"version-history":[{"count":84,"href":"https:\/\/galicia.wordcamp.org\/2025\/wp-json\/wp\/v2\/pages\/2052\/revisions"}],"predecessor-version":[{"id":11253,"href":"https:\/\/galicia.wordcamp.org\/2025\/wp-json\/wp\/v2\/pages\/2052\/revisions\/11253"}],"wp:featuredmedia":[{"embeddable":true,"href":"https:\/\/galicia.wordcamp.org\/2025\/wp-json\/wp\/v2\/media\/8140"}],"wp:attachment":[{"href":"https:\/\/galicia.wordcamp.org\/2025\/wp-json\/wp\/v2\/media?parent=2052"}],"curies":[{"name":"wp","href":"https:\/\/api.w.org\/{rel}","templated":true}]}}